{"id":179,"date":"2017-06-05T10:42:26","date_gmt":"2017-06-05T08:42:26","guid":{"rendered":"http:\/\/francine-emschwiller.fr\/?page_id=179"},"modified":"2026-02-08T07:50:32","modified_gmt":"2026-02-08T06:50:32","slug":"definitions","status":"publish","type":"page","link":"https:\/\/francine-emschwiller.fr\/index.php\/definitions\/","title":{"rendered":"D\u00e9finitions"},"content":{"rendered":"<p><strong>PSYCHOLOGUE<\/strong><br \/>\nLa psychologue est une professionnelle qui vous accueille, le temps n\u00e9cessaire. Elle est pr\u00e9sente pour vous \u00e9couter, vous r\u00e9pondre, vous aider \u00e0 mieux vous comprendre.<br \/>\nLa psychologue vous accueille, l\u00e0 o\u00f9 vous en \u00eates le jour o\u00f9 vous venez la consulter.<br \/>\nLa psychologue est attentive \u00e0 vos mots, \u00e0 l&rsquo;expression de vos \u00e9motions. En s\u00e9ance, on peut parler, se taire, \u00eatre \u00e9mu, pleurer. Entre les s\u00e9ances, la vie continue, diurne et nocturne : en s\u00e9ance \u00e7a se parle.<\/p>\n<p>Nous sommes des \u00eatres singuliers. Nous sommes aussi des \u00eatres sociaux. Nous sommes en lien : au travail, avec des amis, avec nos familles, nous sommes en lien. Le lien se tisse d\u2019abord dans la famille. Nos familles sont pr\u00e9sentes en nous, tout au long de notre vie. Aussi, quelle que soit la raison qui vous am\u00e8ne \u00e0 consulter la psychologue que je suis, pourrez vous \u00eatre invit\u00e9s \u00e0 parler de vos liens professionnels, familiaux, et amicaux.<br \/>\nLes souffrances en famille et au travail ne sont pas sans lien, sans r\u00e9sonnance.<br \/>\nLes conventions sociales nous obligent \u00e0 une certaine contenance. Au travail, en \u00ab soci\u00e9t\u00e9 \u00bb, les \u00e9motions sont contenues, plus ou moins. Sans expression possible les \u00e9motions font souffrir. parler de ses difficult\u00e9s de ses \u00e9motions, c&rsquo;est commencer \u00e0 en prendre soin.<\/p>\n<p>En France l\u2019usage du titre de psychologue clinicien est r\u00e9glement\u00e9 et prot\u00e9g\u00e9 (*). Il requiert une formation universitaire d\u2019au moins 5 ans. L\u2019exercice du psychologue est r\u00e9gi par la loi. L\u2019inscription au registre des professionnels de sant\u00e9 est r\u00e9gie par l\u2019Agence R\u00e9gionale de Sant\u00e9.<br \/>\n(*) (Art. 44 de la loi 85-772 du 25\/07\/85).<br \/>\nConsulter un psychologue n\u2019est pas une honte. C\u2019est la preuve que l\u2019on peut agir sur son propre chemin de vie.<\/p>\n<p><strong>PSYCHIATRE<\/strong><br \/>\nLe psychiatre est un m\u00e9decin sp\u00e9cialis\u00e9 en sant\u00e9 mentale et en psychopathologie. Le m\u00e9decin psychiatre est habilit\u00e9 \u00e0 \u00e9tablir des certificats m\u00e9dicaux, \u00e0 prescrire des m\u00e9dicaments, en particulier des anti d\u00e9presseurs et des anxiolytiques.Certains psychiatres prennent le temps d&rsquo;\u00e9couter le patient, d&rsquo;autres pas.<\/p>\n<p><strong>PSYCHOTH\u00c9RAPEUTE<\/strong><br \/>\nLe psychoth\u00e9rapeute est un professionnel qui r\u00e9alise des suivis psychoth\u00e9rapeutiques, c\u2019est-\u00e0-dire des psychoth\u00e9rapies. En France le psychoth\u00e9rapeute correspond \u00e0 un titre r\u00e9glement\u00e9 n\u00e9cessitant une habilitation aupr\u00e8s des Agences R\u00e9gionales pour la Sant\u00e9 (ARS). Il requiert une formation th\u00e9orique en psychopathologie et une formation pratique dans des services agr\u00e9\u00e9s.<br \/>\nLes psychoth\u00e9rapeutes ont des r\u00e9f\u00e9rences et des outils diff\u00e9rents : certains cherchent \u00e0 r\u00e9soudre les sympt\u00f4mes le plus rapidement possible. Ce sont les \u00ab\u00a0comportementalistes ou cognitivistes\u00a0\u00bb. Certains utilisent des outils de th\u00e9rapie courte : hypnose, HDMR ou autres.<br \/>\nMa pratique s&rsquo;appuie sur le travail de la personne dans tous ses aspects, conscients et inconscients : la psychanalyse.<br \/>\nJe suis habilit\u00e9e Psychoth\u00e9rapeute par l&rsquo;Agence R\u00e9gionale de Sant\u00e9.<\/p>\n<p><strong>DEPRESSION<\/strong><\/p>\n<p>Les formes de la d\u00e9pression sont plurielles et ses expressions propres \u00e0 chacun : tristesse, activit\u00e9 ralentie, troubles du sommeil, perte de l&rsquo;estime de soi, sentiment d&rsquo;\u00e9chec. Lorsque ces troubles persistent en parler avec une psychologue permet de remonter la source.<\/p>\n","protected":false},"excerpt":{"rendered":"<p>PSYCHOLOGUE La psychologue est une professionnelle qui vous accueille, le temps n\u00e9cessaire. Elle est pr\u00e9sente pour vous \u00e9couter, vous r\u00e9pondre, vous aider \u00e0 mieux vous comprendre. La psychologue vous accueille, l\u00e0 o\u00f9 vous en \u00eates le jour o\u00f9 vous venez la consulter. La psychologue est attentive \u00e0 vos mots, \u00e0 l&rsquo;expression de vos \u00e9motions. En <a class=\"more-link\" href=\"https:\/\/francine-emschwiller.fr\/index.php\/definitions\/\">la suite&#8230; <i class=\"fa fa-chevron-right\"><\/i><\/a><\/p>\n","protected":false},"author":1,"featured_media":0,"parent":0,"menu_order":0,"comment_status":"closed","ping_status":"closed","template":"","meta":{"iawp_total_views":5,"footnotes":""},"class_list":["post-179","page","type-page","status-publish","hentry"],"_links":{"self":[{"href":"https:\/\/francine-emschwiller.fr\/index.php\/wp-json\/wp\/v2\/pages\/179","targetHints":{"allow":["GET"]}}],"collection":[{"href":"https:\/\/francine-emschwiller.fr\/index.php\/wp-json\/wp\/v2\/pages"}],"about":[{"href":"https:\/\/francine-emschwiller.fr\/index.php\/wp-json\/wp\/v2\/types\/page"}],"author":[{"embeddable":true,"href":"https:\/\/francine-emschwiller.fr\/index.php\/wp-json\/wp\/v2\/users\/1"}],"replies":[{"embeddable":true,"href":"https:\/\/francine-emschwiller.fr\/index.php\/wp-json\/wp\/v2\/comments?post=179"}],"version-history":[{"count":51,"href":"https:\/\/francine-emschwiller.fr\/index.php\/wp-json\/wp\/v2\/pages\/179\/revisions"}],"predecessor-version":[{"id":521,"href":"https:\/\/francine-emschwiller.fr\/index.php\/wp-json\/wp\/v2\/pages\/179\/revisions\/521"}],"wp:attachment":[{"href":"https:\/\/francine-emschwiller.fr\/index.php\/wp-json\/wp\/v2\/media?parent=179"}],"curies":[{"name":"wp","href":"https:\/\/api.w.org\/{rel}","templated":true}]}}